{"id":199390,"date":"2018-08-10T17:03:33","date_gmt":"2018-08-10T21:03:33","guid":{"rendered":"https:\/\/www.2020spaces.com\/unifa\/"},"modified":"2020-12-28T09:58:59","modified_gmt":"2020-12-28T14:58:59","slug":"ameublement-francais","status":"publish","type":"page","link":"https:\/\/www.2020spaces.com\/fr\/ameublement-francais\/","title":{"rendered":"Les \u00e9quipementiers de l\u2019Ameublement Fran\u00e7ais"},"content":{"rendered":"<div id=\"cs-content\" class=\"cs-content\"><\/div>\n","protected":false},"excerpt":{"rendered":"<p>Les \u00e9quipementiers de l\u2019Ameublement Fran\u00e7aisPartenaire des architectes d\u2019int\u00e9rieur, des agenceurs et des fabricants, le groupement des \u00e9quipementiers de l\u2019Ameublement fran\u00e7ais leur apporte expertises, services et solutions innovantes dans l\u2019am\u00e9nagement des espaces de vie. Ce groupement des \u00e9quipementiers est compos\u00e9 d\u2019entreprises ou filiales fran\u00e7aises apportant des produits, services, composants aux entreprises &#8230; <\/p>\n<div><a href=\"https:\/\/www.2020spaces.com\/fr\/ameublement-francais\/\" class=\"more-link\">En savoir plus<\/a><\/div>\n","protected":false},"author":26709,"featured_media":0,"parent":0,"menu_order":0,"comment_status":"closed","ping_status":"closed","template":"template-blank-4.php","meta":{"_bbp_topic_count":0,"_bbp_reply_count":0,"_bbp_total_topic_count":0,"_bbp_total_reply_count":0,"_bbp_voice_count":0,"_bbp_anonymous_reply_count":0,"_bbp_topic_count_hidden":0,"_bbp_reply_count_hidden":0,"_bbp_forum_subforum_count":0,"footnotes":""},"categories":[],"class_list":["post-199390","page","type-page","status-publish","hentry","no-post-thumbnail"],"pp_force_visibility":null,"pp_subpost_visibility":null,"pp_inherited_force_visibility":null,"pp_inherited_subpost_visibility":null,"yoast_head":"<!-- This site is optimized with the Yoast SEO Premium plugin v27.4 (Yoast SEO v27.4) - https:\/\/yoast.com\/product\/yoast-seo-premium-wordpress\/ -->\n<title>Les \u00e9quipementiers de l\u2019Ameublement Fran\u00e7ais | 2020<\/title>\n<meta name=\"description\" content=\"Le groupement des \u00e9quipementiers de l\u2019Ameublement fran\u00e7ais leur apporte expertises, services et solutions innovantes dans l\u2019am\u00e9nagement des espaces de vie.\" \/>\n<meta name=\"robots\" content=\"index, follow, max-snippet:-1, max-image-preview:large, max-video-preview:-1\" \/>\n<link rel=\"canonical\" href=\"https:\/\/www.2020spaces.com\/fr\/ameublement-francais\/\" \/>\n<meta property=\"og:locale\" content=\"fr_FR\" \/>\n<meta property=\"og:type\" content=\"article\" \/>\n<meta property=\"og:title\" content=\"Les \u00e9quipementiers de l\u2019Ameublement Fran\u00e7ais\" \/>\n<meta property=\"og:description\" content=\"Le groupement des \u00e9quipementiers de l\u2019Ameublement fran\u00e7ais leur apporte expertises, services et solutions innovantes dans l\u2019am\u00e9nagement des espaces de vie.\" \/>\n<meta property=\"og:url\" content=\"https:\/\/www.2020spaces.com\/fr\/ameublement-francais\/\" \/>\n<meta property=\"og:site_name\" content=\"2020\" \/>\n<meta property=\"article:publisher\" content=\"https:\/\/www.facebook.com\/2020spaces\" \/>\n<meta property=\"article:modified_time\" content=\"2020-12-28T14:58:59+00:00\" \/>\n<meta name=\"twitter:card\" content=\"summary_large_image\" \/>\n<meta name=\"twitter:site\" content=\"@2020spaces\" \/>\n<meta name=\"twitter:label1\" content=\"Dur\u00e9e de lecture estim\u00e9e\" \/>\n\t<meta name=\"twitter:data1\" content=\"1 minute\" \/>\n<script type=\"application\/ld+json\" class=\"yoast-schema-graph\">{\"@context\":\"https:\\\/\\\/schema.org\",\"@graph\":[{\"@type\":\"WebPage\",\"@id\":\"https:\\\/\\\/www.2020spaces.com\\\/fr\\\/ameublement-francais\\\/\",\"url\":\"https:\\\/\\\/www.2020spaces.com\\\/fr\\\/ameublement-francais\\\/\",\"name\":\"Les \u00e9quipementiers de l\u2019Ameublement Fran\u00e7ais | 2020\",\"isPartOf\":{\"@id\":\"https:\\\/\\\/www.2020spaces.com\\\/#website\"},\"datePublished\":\"2018-08-10T21:03:33+00:00\",\"dateModified\":\"2020-12-28T14:58:59+00:00\",\"description\":\"Le groupement des \u00e9quipementiers de l\u2019Ameublement fran\u00e7ais leur apporte expertises, services et solutions innovantes dans l\u2019am\u00e9nagement des espaces de vie.\",\"breadcrumb\":{\"@id\":\"https:\\\/\\\/www.2020spaces.com\\\/fr\\\/ameublement-francais\\\/#breadcrumb\"},\"inLanguage\":\"fr-FR\",\"potentialAction\":[{\"@type\":\"ReadAction\",\"target\":[\"https:\\\/\\\/www.2020spaces.com\\\/fr\\\/ameublement-francais\\\/\"]}]},{\"@type\":\"BreadcrumbList\",\"@id\":\"https:\\\/\\\/www.2020spaces.com\\\/fr\\\/ameublement-francais\\\/#breadcrumb\",\"itemListElement\":[{\"@type\":\"ListItem\",\"position\":1,\"name\":\"Home\",\"item\":\"https:\\\/\\\/www.2020spaces.com\\\/fr\\\/accueil-2-2\\\/\"},{\"@type\":\"ListItem\",\"position\":2,\"name\":\"Les \u00e9quipementiers de l\u2019Ameublement Fran\u00e7ais\"}]},{\"@type\":\"WebSite\",\"@id\":\"https:\\\/\\\/www.2020spaces.com\\\/#website\",\"url\":\"https:\\\/\\\/www.2020spaces.com\\\/\",\"name\":\"2020\",\"description\":\"Making Spaces for Life\u2122\",\"potentialAction\":[{\"@type\":\"SearchAction\",\"target\":{\"@type\":\"EntryPoint\",\"urlTemplate\":\"https:\\\/\\\/www.2020spaces.com\\\/?s={search_term_string}\"},\"query-input\":{\"@type\":\"PropertyValueSpecification\",\"valueRequired\":true,\"valueName\":\"search_term_string\"}}],\"inLanguage\":\"fr-FR\"}]}<\/script>\n<!-- \/ Yoast SEO Premium plugin. -->","yoast_head_json":{"title":"Les \u00e9quipementiers de l\u2019Ameublement Fran\u00e7ais | 2020","description":"Le groupement des \u00e9quipementiers de l\u2019Ameublement fran\u00e7ais leur apporte expertises, services et solutions innovantes dans l\u2019am\u00e9nagement des espaces de vie.","robots":{"index":"index","follow":"follow","max-snippet":"max-snippet:-1","max-image-preview":"max-image-preview:large","max-video-preview":"max-video-preview:-1"},"canonical":"https:\/\/www.2020spaces.com\/fr\/ameublement-francais\/","og_locale":"fr_FR","og_type":"article","og_title":"Les \u00e9quipementiers de l\u2019Ameublement Fran\u00e7ais","og_description":"Le groupement des \u00e9quipementiers de l\u2019Ameublement fran\u00e7ais leur apporte expertises, services et solutions innovantes dans l\u2019am\u00e9nagement des espaces de vie.","og_url":"https:\/\/www.2020spaces.com\/fr\/ameublement-francais\/","og_site_name":"2020","article_publisher":"https:\/\/www.facebook.com\/2020spaces","article_modified_time":"2020-12-28T14:58:59+00:00","twitter_card":"summary_large_image","twitter_site":"@2020spaces","twitter_misc":{"Dur\u00e9e de lecture estim\u00e9e":"1 minute"},"schema":{"@context":"https:\/\/schema.org","@graph":[{"@type":"WebPage","@id":"https:\/\/www.2020spaces.com\/fr\/ameublement-francais\/","url":"https:\/\/www.2020spaces.com\/fr\/ameublement-francais\/","name":"Les \u00e9quipementiers de l\u2019Ameublement Fran\u00e7ais | 2020","isPartOf":{"@id":"https:\/\/www.2020spaces.com\/#website"},"datePublished":"2018-08-10T21:03:33+00:00","dateModified":"2020-12-28T14:58:59+00:00","description":"Le groupement des \u00e9quipementiers de l\u2019Ameublement fran\u00e7ais leur apporte expertises, services et solutions innovantes dans l\u2019am\u00e9nagement des espaces de vie.","breadcrumb":{"@id":"https:\/\/www.2020spaces.com\/fr\/ameublement-francais\/#breadcrumb"},"inLanguage":"fr-FR","potentialAction":[{"@type":"ReadAction","target":["https:\/\/www.2020spaces.com\/fr\/ameublement-francais\/"]}]},{"@type":"BreadcrumbList","@id":"https:\/\/www.2020spaces.com\/fr\/ameublement-francais\/#breadcrumb","itemListElement":[{"@type":"ListItem","position":1,"name":"Home","item":"https:\/\/www.2020spaces.com\/fr\/accueil-2-2\/"},{"@type":"ListItem","position":2,"name":"Les \u00e9quipementiers de l\u2019Ameublement Fran\u00e7ais"}]},{"@type":"WebSite","@id":"https:\/\/www.2020spaces.com\/#website","url":"https:\/\/www.2020spaces.com\/","name":"2020","description":"Making Spaces for Life\u2122","potentialAction":[{"@type":"SearchAction","target":{"@type":"EntryPoint","urlTemplate":"https:\/\/www.2020spaces.com\/?s={search_term_string}"},"query-input":{"@type":"PropertyValueSpecification","valueRequired":true,"valueName":"search_term_string"}}],"inLanguage":"fr-FR"}]}},"_links":{"self":[{"href":"https:\/\/www.2020spaces.com\/fr\/wp-json\/wp\/v2\/pages\/199390","targetHints":{"allow":["GET"]}}],"collection":[{"href":"https:\/\/www.2020spaces.com\/fr\/wp-json\/wp\/v2\/pages"}],"about":[{"href":"https:\/\/www.2020spaces.com\/fr\/wp-json\/wp\/v2\/types\/page"}],"author":[{"embeddable":true,"href":"https:\/\/www.2020spaces.com\/fr\/wp-json\/wp\/v2\/users\/26709"}],"replies":[{"embeddable":true,"href":"https:\/\/www.2020spaces.com\/fr\/wp-json\/wp\/v2\/comments?post=199390"}],"version-history":[{"count":0,"href":"https:\/\/www.2020spaces.com\/fr\/wp-json\/wp\/v2\/pages\/199390\/revisions"}],"wp:attachment":[{"href":"https:\/\/www.2020spaces.com\/fr\/wp-json\/wp\/v2\/media?parent=199390"}],"wp:term":[{"taxonomy":"category","embeddable":true,"href":"https:\/\/www.2020spaces.com\/fr\/wp-json\/wp\/v2\/categories?post=199390"}],"curies":[{"name":"wp","href":"https:\/\/api.w.org\/{rel}","templated":true}]}}